{"id":3221,"date":"2025-10-21T15:21:16","date_gmt":"2025-10-21T15:21:16","guid":{"rendered":"http:\/\/fama-tour.pl\/?post_type=al_product&#038;p=3221"},"modified":"2026-01-14T11:31:57","modified_gmt":"2026-01-14T11:31:57","slug":"karnawal-w-gorach-456-stycznia-2025-r","status":"publish","type":"al_product","link":"http:\/\/fama-tour.pl\/?wycieczka=karnawal-w-gorach-456-stycznia-2025-r","title":{"rendered":"KARNAWA\u0141 W G\u00d3RACH!- 3,4,5,6 stycznia 2027r"},"content":{"rendered":"<p><strong>Wyjazd trzydniowy\u00a0<\/strong><\/p>\n<h1><strong>\u00a0 \u00a0 \u00a0 \u00a0 \u00a0 \u00a0 \u00a0 \u00a0 \u00a0 \u00a0 \u00a0 \u00a0 <\/strong><span style=\"color: #0000ff;\"><strong>KARNAWA\u0141A W G\u00d3RACH!<\/strong><\/span><strong><br \/>\n<span style=\"color: #ff0000;\">\u00a0 \u00a0 \u00a0 \u00a0 \u00a0 \u00a0 \u00a0 \u00a0 \u00a0 \u00a0 \u00a0 \u00a0 \u00a0 \u00a0 3,4,5,6 stycznia 2027r<\/span><\/strong><\/h1>\n<p><strong>tel; 883-341-375<\/strong><\/p>\n<p><b><u><br \/>\nDzie\u0144 1<\/u><\/b><br \/>\n<span style=\"color: #ff0000;\"><strong>Wyjazd z Zelowa o godz. 7.00 (Pl. D\u0105browskiego) przez Be\u0142chat\u00f3w o godz. 7.20\u00a0 ( przystanek dworzec przy szpitalu)<\/strong><\/span><br \/>\nPrzejazd \u00a0do\u00a0 pensjonatu w Bia\u0142ym\u00a0 Dunajcu ( zakwaterowanie ). Obiadokolacja po zakwaterowaniu w pensjonacie. Kulig \u00a0z \u00a0ogniskiem \u00a0i pieczeniem \u00a0kie\u0142basek o godz. 17.30. ( spotkanie przed KARCZM\u0104).Nocleg.<\/p>\n<p><strong><u>Dzie\u0144 2 ( niedziela)<\/u><\/strong><br \/>\nPo \u00a0\u015bniadaniu. Przejazd do<span style=\"color: #333399;\"> Doliny Ko\u015bcieliskiej*<\/span>&#8211; spacer z przewodnikiem po najpi\u0119kniejszym szlaku do Schroniska na Hali Ornak( czas wolny na kaw\u0119). Powr\u00f3t do o\u015brodka na obiadokolacj\u0119. Popo\u0142udniowy pobyt na termach w Szaflarach lub Gor\u0105cym Potoku \u2013 \u00a0pobyt dodatkowo p\u0142atny ( pakiet 2,5 godzinny). Nocleg.<br \/>\n<span style=\"color: #333399;\">*\u00a0 przewodnik g\u00f3rski decyduje o wyj\u015bciu w g\u00f3ry.<\/span><br \/>\n<span style=\"color: #333399;\">W. w. dolinie mo\u017ce zosta\u0107 zmieniona na inn\u0105 np. Dolin\u0119 Str\u0105\u017cysk\u0105. W tym dniu ubierz si\u0119 ciep\u0142o, we\u017a odpowiednie obuwie. B\u0105d\u017a przygotowany na wyj\u015bcie w g\u00f3ry.\u00a0<\/span><\/p>\n<p><strong>Dzie\u0144 3 (poniedzia\u0142ek)<br \/>\n<\/strong>\u015aniadanie w formie bufetu. Przejazd do Zakopanego. Czas wolny na Krup\u00f3wkach.\u00a0Po powrocie biesiadne spotkanie\u00a0 w\u00a0<strong>Karczmie G\u00f3ralskiej<\/strong>\u00a0 o\u00a0 godz. 18.00 (zapewniamy:\u00a0 II danie +\u00a0 kufel piwa\u00a0 lub herbata zimowa, za oko\u0142o 2 godz. ,, kwa\u015bnica\u201d).\u00a0 Nocleg.<\/p>\n<p><strong>Dzie\u0144 4 ( wtorek )<\/strong><br \/>\nPo \u015bniadaniu wyjazd do Krakowa. Czas wolny na indywidulany\u00a0 spacer po star\u00f3wce.<br \/>\nPowr\u00f3t w godzinach popo\u0142udniowych.<br \/>\n<strong>PROGRAM JEST RAMOWY KOLEJNO\u015a\u0106 ZWIEDZANIA MO\u017bE ULEC ZMIANIE<\/strong><\/p>\n<p><strong>Cena: cena w grudniu 2026r<\/strong><br \/>\nod osoby w pokoju 2- osobowy\u00a0z\u0142<br \/>\nod osoby w pokoju 3,4,5 \u2013 osobowym<br \/>\nPrzy zapisie wymagana zaliczka 500 z\u0142\u00a0 oraz podanie danych uczestnik\u00f3w do ubezpieczenia.<\/p>\n<p><strong>\u015awiadczenia zawarte w cenie<\/strong><br \/>\nprzejazd autokarem, 3 \u015bniadania, 2 obiadokolacja, 1 spotkanie biesiadne w karczmie przy muzyce, kulig z pieczeniem kie\u0142basek, ubezpieczenie NNW 5000,00 z\u0142\u00a0 realizacja programu.<\/p>\n<p><strong>Dodatkowo p\u0142atne:<\/strong><br \/>\nBilet wst\u0119pu na Chocho\u0142owskie Termy (cena zostanie podana w po\u0142owie grudnia).<br \/>\nWydatk\u00f3w na potrzeby w\u0142asne.<\/p>\n<p><strong>Pensjonat:<\/strong><br \/>\nDo dyspozycji klient\u00f3w: pokoje 2,3,4,5 &#8211; osobowe z \u0142azienk\u0105 ( prysznic). W pokojach TV, wi-fi,\u00a0 r\u0119cznik\/os. oraz czajnik\u00a0 i ch\u0142odziarka na korytarzach.\u00a0 \u00a0Karczma g\u00f3ralska 50 metr\u00f3w od pensjonatu. Do dyspozycji go\u015bci kawa\/herbata dost\u0119pna na sto\u0142\u00f3wce.<\/p>\n","protected":false},"excerpt":{"rendered":"<p>Daj porwa\u0107 si\u0119 muzyce<\/p>\n","protected":false},"featured_media":1507,"template":"","meta":[],"al_product-cat":[],"_links":{"self":[{"href":"http:\/\/fama-tour.pl\/index.php?rest_route=\/wp\/v2\/al_product\/3221"}],"collection":[{"href":"http:\/\/fama-tour.pl\/index.php?rest_route=\/wp\/v2\/al_product"}],"about":[{"href":"http:\/\/fama-tour.pl\/index.php?rest_route=\/wp\/v2\/types\/al_product"}],"version-history":[{"count":18,"href":"http:\/\/fama-tour.pl\/index.php?rest_route=\/wp\/v2\/al_product\/3221\/revisions"}],"predecessor-version":[{"id":4408,"href":"http:\/\/fama-tour.pl\/index.php?rest_route=\/wp\/v2\/al_product\/3221\/revisions\/4408"}],"wp:featuredmedia":[{"embeddable":true,"href":"http:\/\/fama-tour.pl\/index.php?rest_route=\/wp\/v2\/media\/1507"}],"wp:attachment":[{"href":"http:\/\/fama-tour.pl\/index.php?rest_route=%2Fwp%2Fv2%2Fmedia&parent=3221"}],"wp:term":[{"taxonomy":"al_product-cat","embeddable":true,"href":"http:\/\/fama-tour.pl\/index.php?rest_route=%2Fwp%2Fv2%2Fal_product-cat&post=3221"}],"curies":[{"name":"wp","href":"https:\/\/api.w.org\/{rel}","templated":true}]}}