{"id":4454,"date":"2026-01-29T13:10:18","date_gmt":"2026-01-29T13:10:18","guid":{"rendered":"http:\/\/fama-tour.pl\/?post_type=al_product&#038;p=4454"},"modified":"2026-02-23T16:43:06","modified_gmt":"2026-02-23T16:43:06","slug":"podlasie-01-03-05-2026r","status":"publish","type":"al_product","link":"http:\/\/fama-tour.pl\/?wycieczka=podlasie-01-03-05-2026r","title":{"rendered":"PODLASIE 01-03.05.2026r"},"content":{"rendered":"\n<h2>Wycieczka trzydniowa&nbsp; &nbsp; &nbsp; &nbsp; &nbsp; &nbsp; &nbsp; &nbsp; &nbsp; &nbsp; &nbsp; &nbsp; &nbsp; &nbsp; &nbsp; &nbsp; &nbsp; &nbsp; &nbsp; &nbsp; &nbsp; &nbsp; &nbsp; &nbsp; &nbsp; &nbsp; &nbsp; &nbsp; &nbsp; &nbsp; &nbsp; &nbsp; &nbsp; &nbsp; &nbsp; &nbsp; &nbsp; &nbsp; &nbsp; &nbsp; &nbsp; &nbsp; &nbsp; &nbsp; &nbsp; &nbsp; &nbsp; &nbsp; &nbsp; &nbsp; &nbsp; &nbsp; &nbsp; &nbsp; &nbsp; &nbsp; &nbsp; &nbsp; &nbsp; &nbsp; &nbsp; &nbsp; &nbsp; &nbsp;<a href=\"http:\/\/fama-tour.pl\/wp-content\/uploads\/2022\/12\/Podlasie01.jpg\"><\/a><br><strong>&nbsp; &nbsp; &nbsp; &nbsp; &nbsp; &nbsp;                 &nbsp; PODLASIE &nbsp; &nbsp; &nbsp; &nbsp; &nbsp;<br>&nbsp; &nbsp; &nbsp; &nbsp; &nbsp;Mozaika Narodowo\u015bci, Kultur i Wyzna\u0144        <br>&nbsp; &nbsp; &nbsp; &nbsp; &nbsp; &nbsp; &nbsp; &nbsp; &nbsp; &nbsp; &nbsp; &nbsp; &nbsp; &nbsp;01-03 maja 2026r<\/strong><\/h2>\n\n\n\n<h2>Zapisy rozpocz\u0119te:\u00a0 668-009-931<br><strong><span class=\"has-inline-color has-vivid-red-color\">BRAK MIEJSC<\/span><\/strong><\/h2>\n\n\n\n<h3>PROGRAM:<\/h3>\n\n\n\n<h3><strong>Dzie\u01441<\/strong><br>6.00 &#8211; wyjazd z Zelowa ( przystanek- Pl. D\u0105browskiego )<br>6.15 &#8211; wyjazd z Be\u0142chatowa ( przystanek na dworcu przy szpitalu)<\/h3>\n\n\n\n<h3><strong>Ok.13.00 spotkanie z przewodnikiem w Drohiczynie, kt\u00f3ry jest jednym z czterech grod\u00f3w koronacyjnych ( obok Gniezna, Krakowa i Warszawy). Spacer na g\u00f3r\u0119 zamkow\u0105, kt\u00f3ra z jednej strony wznosi si\u0119 ponad miastem, a z drugiej zapewnia pi\u0119kne widoki na meandruj\u0105cy Bug. Majestatyczne, nadburza\u0144skie krajobrazy zachwyci\u0142y filmowc\u00f3w, kt\u00f3rzy nagrywali tu filmy takie jak : Nad Niemnem, Faustyna, Panny z Wilka, Kronika wypadk\u00f3w mi\u0142osnych oraz inne. Po zwiedzaniu czas wolny na kaw\u0119 lub produkt regionalny ,, Zaguby&#8221;.<\/strong><br><strong>Przejazd do Grabarki. Wizyta na \u015awi\u0119tej G\u00f3rze Krzy\u017cy,<\/strong><br><strong>na kt\u00f3r\u0105 przybywaj\u0105 pielgrzymi&nbsp; przynosz\u0105c krzy\u017ce wotywne. Jest to serce prawos\u0142awia w Polsce i dla swoich wyznawc\u00f3w jest tym, czym Jasna G\u00f3ra dla katolik\u00f3w.<\/strong><br><strong>Przejazd do hotelu *** w Bia\u0142ymstoku na obiadokolacj\u0119 i nocleg.<\/strong><\/h3>\n\n\n\n<h3><strong>Dzie\u0144 2<\/strong><br><strong>Po \u015bniadaniu wyjazd z przewodnikiem na spotkanie z kultur\u0105 tatarsk\u0105\u2026.<a href=\"http:\/\/fama-tour.pl\/wp-content\/uploads\/2022\/12\/Podlasie02.jpg\"><\/a><\/strong><br><strong>* Krynki \u2013 miejscowo\u015b\u0107 z rondem, z kt\u00f3rego odchodzi12 ulic\u2026<\/strong><br><strong>* Kr\u00f3lowy Most&nbsp; &#8211; ,,U Pana Boga za\u2026\u2026<\/strong><br><strong>* Supra\u015bl \u2013 miejscowo\u015b\u0107 uzdrowiskowa, spacer po&nbsp; ulicach gdzie odnajdziemy wiele miejsc zwi\u0105zanych z serialem ,,Blondynka,, a Ko\u015bci\u00f3\u0142 \u015awi\u0119tej Tr\u00f3jcy utrwalony jest niemal w ka\u017cdym odcinku<\/strong><br><strong>*Kruszyniany \u2013 najciekawsza miejscowo\u015b\u0107 na szlaku tatarskim, zwiedzanie meczetu i mizaru z lokalnym przewodnikiem D\u017cemilem, kt\u00f3ry opowie nam o historii i kulturze<a href=\"http:\/\/fama-tour.pl\/wp-content\/uploads\/2022\/12\/2-202102101223550.jpg\"><\/a> tatarskiej.W czasie wolnym(mo\u017cliwo\u015b\u0107 degustacji potraw w tatarskiej jurcie: pierekaczewnik\u00f3w, tryboszok\u00f3w, shavly, bieluszu)&nbsp; &nbsp; &nbsp; &nbsp; &nbsp; &nbsp; &nbsp; &nbsp; &nbsp; &nbsp; &nbsp; &nbsp; &nbsp; &nbsp; &nbsp; &nbsp; &nbsp; &nbsp; &nbsp; &nbsp; &nbsp; &nbsp; &nbsp; &nbsp; &nbsp; &nbsp; &nbsp; &nbsp; &nbsp; <\/strong><br><strong>*Pokazowa zagroda \u017cubr\u00f3w w Kopnej G\u00f3rze . Jak czas pozwoli wizyta w \u015awi\u0119tej Wodzie.&nbsp; &nbsp; &nbsp; &nbsp; &nbsp; &nbsp; &nbsp;Powr\u00f3t do hotelu *** na&nbsp; obiadokolacj\u0119 i nocleg.<\/strong><\/h3>\n\n\n\n<h3><strong>Dzie\u0144 3<\/strong><br><strong>Po \u015bniadaniu wyjazd na zwiedzanie Bia\u0142egostoku. Zaczniemy od ,,Podlaskiego Wersalu,, czyli Barokowego Zespo\u0142u Pa\u0142acowo-Parkowego Branickich- z zewn\u0105trz .&nbsp; Spacer<\/strong><br><strong>do historycznego centrum z tr\u00f3jk\u0105tnym Rynkiem Ko\u015bciuszki w \u015brodku kt\u00f3rego znajduje si\u0119 ratusz z Wie\u017c\u0105 Zegarow\u0105, gmach Opery i Filharmonii Podlaskiej, Katedra, fragment&nbsp; Szlaku Esperanto i Wielu Kultur oraz inne atrakcje i zabytki.<\/strong><br><strong>Czas wolny- wyjazd w drog\u0119 powrotn\u0105.<\/strong><\/h3>\n\n\n\n<h3><strong>CENA: 950 z\u0142 od osoby w pokojach 2-3 osobowych<\/strong><br><br><strong>Przy zapisie wymagana zaliczka 500 z\u0142 od osoby ( dane osobowe: imi\u0119 i nazwisko, data ur.&nbsp; adres zamieszkania)<\/strong><\/h3>\n\n\n\n<h3><strong>\u015awiadczenia zawarte w cenie :<\/strong><br><strong>-przejazd autokarem,<\/strong><br><strong>-2 noclegi w hotelu***,<\/strong><br><strong>-wy\u017cywienie: 2 \u015bniadania w formie bufetu szwedzkiego, 2 obiadokolacje (zupa, danie g\u0142\u00f3wne, woda z cytryn\u0105),<\/strong><br><strong>-opieka pilota,<\/strong><br><strong>-lokalni przewodnicy,<\/strong><br><strong>&#8211; bilety wst\u0119pu<br>&#8211; ubezpieczenie NNW 10 000 z\u0142,<\/strong><br><strong>&#8211; T.F. P + T.F.G<\/strong><\/h3>\n\n\n\n<h3><strong>Cena nie zawiera:<\/strong><br><strong>&#8211; wydatk\u00f3w na potrzeby w\u0142asne,<\/strong><br><strong>&#8211; \u015bwiadcze\u0144 nie zawartych w ofercie,<\/strong><\/h3>\n\n\n\n<h3>Uwaga!<br><strong>Program jest ramowy- kolejno\u015b\u0107 zwiedzania mo\u017ce ulec zmianie.<\/strong><br><strong>Hotel***- posiada pokoje z \u0142azienkami, TV, czajnik, r\u0119czniki, suszark\u0119.<\/strong><\/h3>\n","protected":false},"excerpt":{"rendered":"<p>,, Maj\u00f3wka na Podlasiu&#8230;&#8221;<br \/>\nJe\u015bli kto\u015b mia\u0142 okazj\u0119 obejrze\u0107 film (re\u017c. Jacka Bromskiego z 1998r) ,, U Pana Boga za piecem&#8221;\u00a0 &#8211; to teraz powinien spakowa\u0107 plecak i wybra\u0107 si\u0119 z nami na odkrycie ,, podlaskich pere\u0142ek&#8221;. To w\u0142a\u015bnie ten region jest najbardziej znany z mem\u00f3w \ud83d\ude42 o humorystycznym znaczeniu, otwartych okiennic, ,, Szeptuch&#8221; modl\u0105cych si\u0119 o uzdrowienie i regionu i\u015bcie bogatego w krajobraz jak z bajki. To tu mo\u017cna odczu\u0107, \u017ce wskaz\u00f3wki zegara jakby zwolni\u0142y&#8230;.- je\u015bli chcecie si\u0119 o tym przekona\u0107\u00a0 &#8211; to wybierzcie si\u0119 z nami.<br \/>\nZAPRASZAMY!<\/p>\n","protected":false},"featured_media":2185,"template":"","meta":[],"al_product-cat":[5,30],"_links":{"self":[{"href":"http:\/\/fama-tour.pl\/index.php?rest_route=\/wp\/v2\/al_product\/4454"}],"collection":[{"href":"http:\/\/fama-tour.pl\/index.php?rest_route=\/wp\/v2\/al_product"}],"about":[{"href":"http:\/\/fama-tour.pl\/index.php?rest_route=\/wp\/v2\/types\/al_product"}],"version-history":[{"count":10,"href":"http:\/\/fama-tour.pl\/index.php?rest_route=\/wp\/v2\/al_product\/4454\/revisions"}],"predecessor-version":[{"id":4511,"href":"http:\/\/fama-tour.pl\/index.php?rest_route=\/wp\/v2\/al_product\/4454\/revisions\/4511"}],"wp:featuredmedia":[{"embeddable":true,"href":"http:\/\/fama-tour.pl\/index.php?rest_route=\/wp\/v2\/media\/2185"}],"wp:attachment":[{"href":"http:\/\/fama-tour.pl\/index.php?rest_route=%2Fwp%2Fv2%2Fmedia&parent=4454"}],"wp:term":[{"taxonomy":"al_product-cat","embeddable":true,"href":"http:\/\/fama-tour.pl\/index.php?rest_route=%2Fwp%2Fv2%2Fal_product-cat&post=4454"}],"curies":[{"name":"wp","href":"https:\/\/api.w.org\/{rel}","templated":true}]}}